{"id":22,"date":"2016-02-01T12:39:23","date_gmt":"2016-02-01T12:39:23","guid":{"rendered":"https:\/\/sustentabilidad.org.ar\/es\/?page_id=22"},"modified":"2016-03-18T11:28:42","modified_gmt":"2016-03-18T11:28:42","slug":"mensaje-del-director","status":"publish","type":"page","link":"https:\/\/sustentabilidad.org.ar\/es\/mensaje-del-director\/","title":{"rendered":"Mensaje del Director"},"content":{"rendered":"<div class=\"row\">\n<div class=\"span12\">\n<div class=\"how-we-can-help-wrap\">\n<figure class=\"thumbnail alignnone clearfix\">\n<div class=\"row-fluid\">\n<div class=\"clear\"><\/div>\n<p style=\"margin: 11px \"><span style=\"font-size: 12pt; color:#444444\">Dadas las tendencias de la econom\u00eda globalizada, las actividades de los negocios y los objetivos del desarrollo est\u00e1n m\u00e1s estrechamente relacionados que nunca. Un futuro mejor depende del nuevo paradigma de relacionar los negocios y el desarrollo, promoviendo la estabilidad social, ambiental y econ\u00f3mica. Por eso, la \u201cempresa  sustentable\u201d representa el potencial por un nuevo enfoque en el acercamiento del sector privado al desarrollo incluyendo a la pobreza, el respeto por la diversidad cultural y la conservaci\u00f3n de la integridad ecol\u00f3gica.<\/span><\/p>\n<p style=\"margin: 11px\"><span style=\"font-size: 12pt; color:#444444\"><b>Miguel Angel Gardetti<\/b><br \/>\nIESC, Director.<\/span><\/p>\n<\/div>\n<\/figure>\n<\/div>\n<\/div>\n<\/div>\n","protected":false},"excerpt":{"rendered":"<p>Dadas las tendencias de la econom\u00eda globalizada, las actividades de los negocios y los objetivos del desarrollo est\u00e1n m\u00e1s estrechamente relacionados que nunca. Un futuro mejor depende del nuevo paradigma de relacionar los negocios y el desarrollo, promoviendo la estabilidad social, ambiental y econ\u00f3mica. Por eso, la \u201cempresa sustentable\u201d representa el potencial por un nuevo enfoque en el acercamiento del&nbsp;<a href=\"https:\/\/sustentabilidad.org.ar\/es\/mensaje-del-director\/\" class=\"read-more\">Seguir leyendo<\/a><\/p>\n","protected":false},"author":2,"featured_media":0,"parent":0,"menu_order":0,"comment_status":"closed","ping_status":"closed","template":"page-fullwidth.php","meta":{"footnotes":""},"class_list":["post-22","page","type-page","status-publish","hentry"],"_links":{"self":[{"href":"https:\/\/sustentabilidad.org.ar\/es\/wp-json\/wp\/v2\/pages\/22"}],"collection":[{"href":"https:\/\/sustentabilidad.org.ar\/es\/wp-json\/wp\/v2\/pages"}],"about":[{"href":"https:\/\/sustentabilidad.org.ar\/es\/wp-json\/wp\/v2\/types\/page"}],"author":[{"embeddable":true,"href":"https:\/\/sustentabilidad.org.ar\/es\/wp-json\/wp\/v2\/users\/2"}],"replies":[{"embeddable":true,"href":"https:\/\/sustentabilidad.org.ar\/es\/wp-json\/wp\/v2\/comments?post=22"}],"version-history":[{"count":7,"href":"https:\/\/sustentabilidad.org.ar\/es\/wp-json\/wp\/v2\/pages\/22\/revisions"}],"predecessor-version":[{"id":105,"href":"https:\/\/sustentabilidad.org.ar\/es\/wp-json\/wp\/v2\/pages\/22\/revisions\/105"}],"wp:attachment":[{"href":"https:\/\/sustentabilidad.org.ar\/es\/wp-json\/wp\/v2\/media?parent=22"}],"curies":[{"name":"wp","href":"https:\/\/api.w.org\/{rel}","templated":true}]}}